{"id":1636,"date":"2026-06-02T11:20:22","date_gmt":"2026-06-02T09:20:22","guid":{"rendered":"https:\/\/www.cokria.com\/politica-de-privacidad\/"},"modified":"2026-09-01T12:17:35","modified_gmt":"2026-09-01T10:17:35","slug":"politica-de-privacitat","status":"publish","type":"page","link":"https:\/\/www.cokria.com\/ca\/politica-de-privacitat\/","title":{"rendered":"Pol\u00edtica de privacitat"},"content":{"rendered":"\n\n<h1 class=\"wp-block-heading\"><strong>POL\u00cdTICA DE PRIVACITAT DE C\u00d2KRIA<\/strong><\/h1>\n\n\n\n\n<p class=\"wp-block-paragraph\">C\u00d2KRIA es compromet a realitzar els seus m\u00e0xims esfor\u00e7os per complir en tot moment, en relaci\u00f3 amb els tractaments de dades que realitzi, amb la legislaci\u00f3 vigent en cada moment en mat\u00e8ria de protecci\u00f3 de dades, actualment el Reglament General de Protecci\u00f3 de Dades (UE) n\u00fam. 679\/2016.<\/p>\n\n\n\n\n<p class=\"wp-block-paragraph\">A continuaci\u00f3, C\u00d2KRIA informa els USUARIS sobre els termes i les condicions en qu\u00e8 C\u00d2KRIA tractar\u00e0 les seves dades de car\u00e0cter personal.<\/p>\n\n\n\n\n<h2 class=\"wp-block-heading has-medium-font-size\">RESPONSABLE DEL TRACTAMENT DE LES DADES<\/h2>\n\n\n\n\n<p class=\"wp-block-paragraph\">Do\u00f1a EUG\u00c8NIA PRUNS RUIZ&nbsp;&nbsp;&nbsp;<br>NIF 46807872C<br>Adre\u00e7a postal: Carrer Ample 22, 5-2, esc.B 08290 Cerdanyola del Vall\u00e8s, Barcelona<br>Adre\u00e7a electr\u00f2nica:&nbsp;<a href=\"mailto:hola@cokria.com\">hola@cokria.com<\/a><a href=\"mailto:%3Cspan%20id=\"><br><\/a>Tel\u00e8fon:&nbsp;626499746<\/p>\n\n\n\n\n<h2 class=\"wp-block-heading has-medium-font-size\">TRACTAMENT DE LES DADES DELS USUARIS DEL FORMULARI DE CONTACTE D\u2019AQUEST WEB<\/h2>\n\n\n\n\n<ol class=\"wp-block-list\">\n<li><strong>Finalitat del tractament de les dades dels usuaris del formulari de contacte:<\/strong><\/li>\n<\/ol>\n\n\n\n\n<ul class=\"wp-block-list\">\n<li>Gestionar i atendre les sol\u00b7licituds d\u2019informaci\u00f3 i\/o consultes que els usuaris del formulari de contacte del web ens envi\u00efn.&nbsp;<\/li>\n\n\n\n\n<li>Gestionar l\u2019enviament de la informaci\u00f3 que ens sol\u00b7licitin i, en els casos que procedeixi, facilitar-los ofertes dels productes i\/o serveis de C\u00d2KRIA pels quals hagin manifestat el seu inter\u00e8s.<\/li>\n<\/ul>\n\n\n\n\n<p class=\"wp-block-paragraph\">C\u00d2KRIA no prendr\u00e0 decisions automatitzades basades en el seu perfil.&nbsp;<\/p>\n\n\n\n\n<ol start=\"2\" class=\"wp-block-list\">\n<li><strong>Legitimaci\u00f3 per al tractament de les dades dels usuaris del formulari de contacte: consentiment de l\u2019interessat.<\/strong><\/li>\n<\/ol>\n\n\n\n\n<p class=\"wp-block-paragraph\">La base legal per al tractament de les dades dels usuaris del formulari de contacte \u00e9s l\u2019obtenci\u00f3 del seu consentiment, que ens ser\u00e0 prestat en cas i en el moment d\u2019emplenar i enviar-nos el formulari de contacte degudament emplenat.<\/p>\n\n\n\n\n<ol start=\"3\" class=\"wp-block-list\">\n<li><strong>Per\u00edode de conservaci\u00f3 de les dades dels usuaris del formulari de contacte del web:<\/strong><\/li>\n<\/ol>\n\n\n\n\n<p class=\"wp-block-paragraph\">Conservarem les dades dels usuaris del formulari de contacte del web durant el termini de (completar per\u00edode raonable, no es poden guardar indefinidament si no hi ha cap relaci\u00f3 contractual) a partir de l\u2019\u00faltima confirmaci\u00f3 d\u2019inter\u00e8s per part seva sobre els nostres productes o serveis, sempre que no ens sol\u00b7liciti la supressi\u00f3 de les seves dades.<\/p>\n\n\n\n\n<h2 class=\"wp-block-heading has-medium-font-size\">TRACTAMENT DE LES DADES DE CLIENTS I PROVE\u00cfDORS<\/h2>\n\n\n\n\n<ol class=\"wp-block-list\">\n<li><strong>Finalitat del tractament de les dades de clients i prove\u00efdors:&nbsp;<\/strong>Gestionar la relaci\u00f3 comercial existent, dur a terme i\/o subcontractar els serveis que ens contractin els nostres clients i dur a terme les gestions comptables, fiscals i administratives de l\u2019empresa.<\/li>\n\n\n\n\n<li><strong>Legitimaci\u00f3 per al tractament:&nbsp;<\/strong>La base legal per al tractament de les dades de clients i prove\u00efdors \u00e9s l\u2019exist\u00e8ncia i l\u2019execuci\u00f3 de contractes de prestaci\u00f3 de serveis i\/o compravenda de mercaderies.<\/li>\n\n\n\n\n<li><strong>Per\u00edode de conservaci\u00f3 de les dades:&nbsp;<\/strong>Conservem les dades dels prove\u00efdors mentre es duguin a terme accions i relacions comercials i durant els anys necessaris per complir amb les nostres obligacions legals i\/o fiscals derivades d\u2019aquestes relacions contractuals.<\/li>\n<\/ol>\n\n\n\n\n<h2 class=\"wp-block-heading has-medium-font-size\">TRACTAMENT DE LES DADES DELS DESTINATARIS DE LA NEWSLETTER I COMUNICACIONS COMERCIALS DE C\u00d2KRIA<\/h2>\n\n\n\n\n<ol class=\"wp-block-list\">\n<li><strong>Finalitat del tractament de les dades dels subscriptors a la Newsletter i comunicacions comercials:<\/strong><\/li>\n<\/ol>\n\n\n\n\n<p class=\"wp-block-paragraph\">&nbsp;Gestionar la subscripci\u00f3 i l\u2019enviament de la Newsletter i les comunicacions comercials de C\u00d2KRIA.<\/p>\n\n\n\n\n<ol start=\"2\" class=\"wp-block-list\">\n<li><strong>Legitimaci\u00f3 per al tractament de les dades dels destinataris de la Newsletter: consentiment de l\u2019interessat.<\/strong><\/li>\n<\/ol>\n\n\n\n\n<p class=\"wp-block-paragraph\">La base legal per al tractament de les dades dels destinataris de la Newsletter i les comunicacions comercials \u00e9s l\u2019obtenci\u00f3 del consentiment inequ\u00edvoc del destinatari de la newsletter \u2013 comunicacions comercials, mitjan\u00e7ant la seva subscripci\u00f3.<\/p>\n\n\n\n\n<p class=\"wp-block-paragraph\">D\u2019altra banda, la base legal per al tractament i l\u2019enviament de les Newsletters que C\u00d2KRIA pugui realitzar amb destinaci\u00f3 als seus CLIENTS \u00e9s l\u2019inter\u00e8s leg\u00edtim d\u2019EUG\u00c8NIA PRUNS RUIZ, titular de C\u00d2KRIA, excepte en el cas que hagin manifestat el seu inter\u00e8s a donar-se de baixa, enviant un correu electr\u00f2nic a&nbsp;<a href=\"mailto:hola@cokria.cat\">hola@cokria.cat<\/a>&nbsp;.&nbsp;<\/p>\n\n\n\n\n<ol start=\"3\" class=\"wp-block-list\">\n<li><strong>Per\u00edode de conservaci\u00f3 de les dades dels destinataris de la Newsletter i comunicacions comercials:<\/strong><\/li>\n<\/ol>\n\n\n\n\n<p class=\"wp-block-paragraph\">EUG\u00c8NIA PRUNS RUIZ (C\u00d2KRIA) conservar\u00e0 les dades personals dels destinataris de la newsletter i les comunicacions comercials d\u2019EUG\u00c8NIA PRUNS RUIZ (C\u00d2KRIA) necess\u00e0ries per a l\u2019enviament de la newsletter i altres comunicacions comercials per un termini indefinit, excepte si ens sol\u00b7liciten la baixa del servei de recepci\u00f3 de Newsletters i altres comunicacions comercials per escrit a&nbsp;<a href=\"mailto:hola@cokira.com\">hola@cokira.com<\/a>&nbsp;amb c\u00f2pia del seu DNI.&nbsp;<\/p>\n\n\n\n\n<h2 class=\"wp-block-heading has-medium-font-size\">TRACTAMENT DE LES DADES DE LES AMISTATS A LES XARXES SOCIALS<\/h2>\n\n\n\n\n<p class=\"wp-block-paragraph\">C\u00d2KRIA \u00e9s present a les xarxes socials seg\u00fcents: Facebook, Linkedin, Twitter i Youtube.&nbsp;<\/p>\n\n\n\n\n<p class=\"wp-block-paragraph\">La finalitat del tractament de les dades de les amistats a les xarxes socials \u00e9s informar les amistats sobre els serveis que C\u00d2KRIA ofereix a la clientela, amb l\u2019objectiu de captar nous clients i fidelitzar els existents.&nbsp;<\/p>\n\n\n\n\n<p class=\"wp-block-paragraph\">La legitimaci\u00f3 per al tractament de les dades de les amistats a les xarxes socials \u00e9s el consentiment d\u2019aquestes amistats, quan decideixen seguir o deixar de seguir C\u00d2KRIA.<\/p>\n\n\n\n\n<h2 class=\"wp-block-heading has-medium-font-size\">TRACTAMENT DE LES DADES DELS SOL\u00b7LICITANTS D\u2019OCUPACI\u00d3 \u2013 CANDIDATS EN PROCESSOS DE SELECCI\u00d3 DE PERSONAL<\/h2>\n\n\n\n\n<ol class=\"wp-block-list\">\n<li><strong>Finalitat del tractament de les dades dels sol\u00b7licitants d\u2019ocupaci\u00f3-candidats:<\/strong><\/li>\n<\/ol>\n\n\n\n\n<p class=\"wp-block-paragraph\">C\u00d2KRIA tractar\u00e0 les dades dels sol\u00b7licitants d\u2019ocupaci\u00f3 amb la finalitat d\u2019incorporar i gestionar les seves dades a la nostra base de dades de candidats per poder contactar-hi quan el seu perfil encaixi amb alguna vacant en els processos de selecci\u00f3 de personal que C\u00d2KRIA realitzi.<\/p>\n\n\n\n\n<ol class=\"wp-block-list\">\n<li>EUG\u00c8NIA PRUNS RUIZ (titular de C\u00d2KRIA) no prendr\u00e0 decisions automatitzades basades en el seu perfil.<\/li>\n\n\n\n\n<li><strong>Legitimaci\u00f3 per al tractament de les dades dels sol\u00b7licitants d\u2019ocupaci\u00f3-candidats: consentiment de l\u2019interessat<\/strong><\/li>\n<\/ol>\n\n\n\n\n<p class=\"wp-block-paragraph\">La base legal per al tractament de les dades dels sol\u00b7licitants d\u2019ocupaci\u00f3-candidats en processos de selecci\u00f3 de personal \u00e9s l\u2019obtenci\u00f3 del seu consentiment, mitjan\u00e7ant una acci\u00f3 positiva, en el moment de fer-nos arribar el seu curr\u00edculum per qualsevol mitj\u00e0.<\/p>\n\n\n\n\n<ol start=\"3\" class=\"wp-block-list\">\n<li><strong>Per\u00edode de conservaci\u00f3 de les dades dels sol\u00b7licitants d\u2019ocupaci\u00f3-candidats:<\/strong>&nbsp;<\/li>\n<\/ol>\n\n\n\n\n<p class=\"wp-block-paragraph\">C\u00d2KRIA conservar\u00e0 les seves dades durant 5 anys.<\/p>\n\n\n\n\n<h2 class=\"wp-block-heading has-medium-font-size\">PER\u00cdODE GENERAL DE CONSERVACI\u00d3 DE LES DADES<\/h2>\n\n\n\n\n<p class=\"wp-block-paragraph\">En general, EUG\u00c8NIA PRUNS RUIZ (titular de C\u00d2KRIA) conservar\u00e0 les seves dades personals que ens hagi proporcionat, sempre que no ens sol\u00b7liciti la seva supressi\u00f3, excepte indicaci\u00f3 expressa en un altre sentit en els apartats anteriors.<\/p>\n\n\n\n\n<h2 class=\"wp-block-heading has-medium-font-size\">DESTINATARIS ALS QUALS COMUNICAREM LES SEVES DADES<\/h2>\n\n\n\n\n<p class=\"wp-block-paragraph\">En general, els destinataris de les seves dades seran el personal i la direcci\u00f3 de la companyia.<\/p>\n\n\n\n\n<p class=\"wp-block-paragraph\">Tamb\u00e9 podrien tenir acc\u00e9s a les seves dades les empreses que presten serveis a EUG\u00c8NIA PRUNS RUIZ (C\u00d2KRIA) i que requereixen l\u2019acc\u00e9s a dades personals, que nom\u00e9s accediran a les seves dades en qualitat d\u2019encarregats del tractament amb la finalitat de prestar els serveis que EUG\u00c8NIA PRUNS RUIZ (C\u00d2KRIA) els tingui contractats.&nbsp;<\/p>\n\n\n\n\n<p class=\"wp-block-paragraph\">Les seves dades no se cediran a tercers, excepte quan existeixi una obligaci\u00f3 legal.<\/p>\n\n\n\n\n<h2 class=\"wp-block-heading has-medium-font-size\">DRETS QUE L\u2019ASSISTEIXEN&nbsp;<\/h2>\n\n\n\n\n<p class=\"wp-block-paragraph\">Finalment, us informem que, si ho desitgeu, podeu exercir els drets que el RGPD 679\/2016 reconeix a les persones interessades d\u2019accedir a les seves dades, de sol\u00b7licitar la rectificaci\u00f3 de les dades inexactes, d\u2019oposar-vos al tractament de les vostres dades en determinades circumst\u00e0ncies, de cancel\u00b7lar el tractament de les vostres dades en determinades circumst\u00e0ncies, de sol\u00b7licitar la supressi\u00f3 de les vostres dades quan, entre altres motius, les dades ja no siguin necess\u00e0ries per a la finalitat per a la qual es van recollir, a l\u2019oblit, a la limitaci\u00f3 del tractament i a la portabilitat de les dades, adre\u00e7ant-vos per escrit a: <a href=\"mailto:hola@cokria.com\">hola@cokria.com<\/a>&nbsp;amb c\u00f2pia del vostre DNI.<\/p>\n\n","protected":false},"excerpt":{"rendered":"<p>POL\u00cdTICA DE PRIVACITAT DE C\u00d2KRIA C\u00d2KRIA es compromet a realitzar els seus m\u00e0xims esfor\u00e7os per complir en tot moment, en relaci\u00f3 amb els tractaments de dades que realitzi, amb la legislaci\u00f3 vigent en cada moment en mat\u00e8ria de protecci\u00f3 de dades, actualment el Reglament General de Protecci\u00f3 de Dades (UE) n\u00fam. 679\/2016. A continuaci\u00f3, C\u00d2KRIA [&hellip;]<\/p>\n","protected":false},"author":1,"featured_media":0,"parent":0,"menu_order":0,"comment_status":"closed","ping_status":"closed","template":"","meta":{"_acf_changed":false,"footnotes":""},"class_list":["post-1636","page","type-page","status-publish","hentry"],"acf":[],"_links":{"self":[{"href":"https:\/\/www.cokria.com\/ca\/wp-json\/wp\/v2\/pages\/1636","targetHints":{"allow":["GET"]}}],"collection":[{"href":"https:\/\/www.cokria.com\/ca\/wp-json\/wp\/v2\/pages"}],"about":[{"href":"https:\/\/www.cokria.com\/ca\/wp-json\/wp\/v2\/types\/page"}],"author":[{"embeddable":true,"href":"https:\/\/www.cokria.com\/ca\/wp-json\/wp\/v2\/users\/1"}],"replies":[{"embeddable":true,"href":"https:\/\/www.cokria.com\/ca\/wp-json\/wp\/v2\/comments?post=1636"}],"version-history":[{"count":3,"href":"https:\/\/www.cokria.com\/ca\/wp-json\/wp\/v2\/pages\/1636\/revisions"}],"predecessor-version":[{"id":1639,"href":"https:\/\/www.cokria.com\/ca\/wp-json\/wp\/v2\/pages\/1636\/revisions\/1639"}],"wp:attachment":[{"href":"https:\/\/www.cokria.com\/ca\/wp-json\/wp\/v2\/media?parent=1636"}],"curies":[{"name":"wp","href":"https:\/\/api.w.org\/{rel}","templated":true}]}}