{"id":1613,"date":"2026-06-02T11:20:06","date_gmt":"2026-06-02T09:20:06","guid":{"rendered":"https:\/\/www.cokria.com\/aviso-legal\/"},"modified":"2026-08-31T13:28:43","modified_gmt":"2026-08-31T11:28:43","slug":"avis-legal","status":"publish","type":"page","link":"https:\/\/www.cokria.com\/ca\/avis-legal\/","title":{"rendered":"Av\u00eds legal"},"content":{"rendered":"\n<h1 class=\"wp-block-heading\">Av\u00eds legal<\/h1>\n\n\n<p class=\"wp-block-paragraph\">En compliment del que estableix l\u2019art. 10 de la Llei 34\/2002, d\u201911 de juliol, de Serveis de la Societat de la Informaci\u00f3 i Comer\u00e7 Electr\u00f2nic (LSSI-CE), s\u2019informa que aquest lloc web \u00e9s titularitat d\u2019EUG\u00c8NIA PRUNS.<\/p>\n\n\n<p class=\"wp-block-paragraph\"><strong>Ra\u00f3 social<\/strong>: EUG\u00c8NIA PRUNS RUIZ<br \/><strong>Adre\u00e7a<\/strong>: Carrer Ample 22, 5-2, esc.B 08290 Cerdanyola del Vall\u00e8s, Barcelona<br \/><strong>CIF<\/strong>: 46807872C<br \/><strong>Tel\u00e8fon<\/strong>: 626499746<br \/><strong>E-mail de contacte: <\/strong><a href=\"mailto:hola@cokria.com\">hola@cokria.com<\/a><\/p>\n\n\n<p class=\"wp-block-paragraph\">Per a la utilitzaci\u00f3 de la p\u00e0gina, es requereix l\u2019acceptaci\u00f3 expressa de l\u2019usuari de totes i cadascuna de les cl\u00e0usules que s\u2019indiquen en aquest Av\u00eds legal, aix\u00ed com de cadascuna de les advert\u00e8ncies o cl\u00e0usules espec\u00edfiques que s\u2019estableixin per a la contractaci\u00f3 de determinats serveis, productes o \u00fas de zones de la p\u00e0gina.<\/p>\n\n\n<p class=\"wp-block-paragraph\">En cas de no acceptar les cl\u00e0usules establertes en aquest Av\u00eds legal, l\u2019usuari haur\u00e0 d\u2019abstenir-se d\u2019accedir i\/o utilitzar els serveis i\/o continguts posats a la seva disposici\u00f3 a la p\u00e0gina i haur\u00e0 d\u2019abandonar-la.<\/p>\n\n\n<p class=\"wp-block-paragraph\"><strong>\u00daS DE LA P\u00c0GINA<\/strong><\/p>\n\n\n<p class=\"wp-block-paragraph\">L\u2019usuari es compromet a no utilitzar la p\u00e0gina per dur a terme activitats contr\u00e0ries a les lleis, a la moral o a l\u2019ordre p\u00fablic i, en general, a fer-ne un \u00fas d\u2019acord amb les condicions establertes en aquest Av\u00eds legal. Aix\u00ed mateix, es compromet a no realitzar activitats publicit\u00e0ries o d\u2019explotaci\u00f3 comercial enviant missatges que utilitzin una identitat falsa.<\/p>\n\n\n<p class=\"wp-block-paragraph\">La Companyia actua exclusivament com a responsable de la p\u00e0gina en la seva condici\u00f3 de prestadora d\u2019un servei d\u2019informaci\u00f3 sobre els seus propis serveis i no es fa responsable dels continguts que, en contravenci\u00f3 d\u2019aquestes condicions generals, els usuaris puguin enviar o publicar, essent l\u2019usuari l\u2019\u00fanic responsable de la seva veracitat i licitud.<\/p>\n\n\n<p class=\"wp-block-paragraph\">La Companyia podr\u00e0 interrompre el servei de la p\u00e0gina que estigui sent utilitzat per l\u2019usuari i resoldre immediatament la relaci\u00f3 amb l\u2019usuari si detecta un \u00fas de la p\u00e0gina o de qualsevol dels serveis que s\u2019hi ofereixen que pugui considerar contrari al que s\u2019expressa en aquest Av\u00eds legal.<\/p>\n\n\n<p class=\"wp-block-paragraph\"><strong>PROPIETAT INTEL\u00b7LECTUAL I INDUSTRIAL<\/strong><\/p>\n\n\n<p class=\"wp-block-paragraph\">La totalitat d\u2019aquesta p\u00e0gina: text, imatges, marques, gr\u00e0fics, logotips, botons, fitxers de programari, combinacions de colors, aix\u00ed com l\u2019estructura, selecci\u00f3, ordenaci\u00f3 i presentaci\u00f3 dels seus continguts, es troba protegida per les lleis sobre Propietat Intel\u00b7lectual i Industrial, i queda prohibida la seva reproducci\u00f3, distribuci\u00f3, comunicaci\u00f3 p\u00fablica i transformaci\u00f3, excepte per a \u00fas personal i privat.<\/p>\n\n\n<p class=\"wp-block-paragraph\">La Companyia no garanteix que els continguts siguin precisos o estiguin lliures d\u2019errors, ni que el seu \u00fas lliure per part de l\u2019usuari no infringeixi els drets de tercers. El bon o mal \u00fas d\u2019aquesta p\u00e0gina i dels seus continguts \u00e9s responsabilitat de l\u2019usuari.<\/p>\n\n\n<p class=\"wp-block-paragraph\">Aix\u00ed mateix, queda prohibida la reproducci\u00f3, retransmissi\u00f3, c\u00f2pia, cessi\u00f3 o redifusi\u00f3, total o parcial, de la informaci\u00f3 continguda a la p\u00e0gina, sigui quina sigui la seva finalitat i el mitj\u00e0 utilitzat per fer-ho, sense autoritzaci\u00f3 pr\u00e8via de la Companyia.<\/p>\n\n\n<p class=\"wp-block-paragraph\"><strong>ENLLA\u00c7OS O LINKS<\/strong><\/p>\n\n\n<p class=\"wp-block-paragraph\">La p\u00e0gina pot incloure enlla\u00e7os o links a llocs de tercers. Les p\u00e0gines pertanyents a tercers no han estat revisades ni s\u00f3n objecte de controls per part de la Companyia. En qualsevol cas, la Companyia no podr\u00e0 ser considerada responsable dels continguts d\u2019aquests llocs web ni de les mesures que s\u2019adoptin relatives a la seva privacitat o al tractament de les seves dades de car\u00e0cter personal.<\/p>\n\n\n<p class=\"wp-block-paragraph\">La Companyia recomana llegir detingudament les condicions d\u2019\u00fas i la pol\u00edtica de privacitat d\u2019aquests llocs.<\/p>\n\n\n<p class=\"wp-block-paragraph\">En cas d\u2019estar interessat a activar un enlla\u00e7 a alguna de les p\u00e0gines de la Companyia, haur\u00e0 de comunicar-ho i obtenir el consentiment expr\u00e9s per crear l\u2019enlla\u00e7. La Companyia es reserva el dret d\u2019oposar-se a l\u2019activaci\u00f3 d\u2019enlla\u00e7os amb el seu lloc web.<\/p>\n\n\n<p class=\"wp-block-paragraph\"><strong>MENORS D\u2019EDAT<\/strong><\/p>\n\n\n<p class=\"wp-block-paragraph\">La Companyia recorda als usuaris majors d\u2019edat que tinguin menors al seu c\u00e0rrec que ser\u00e0 responsabilitat exclusiva seva determinar quins serveis i\/o continguts no s\u00f3n apropiats per a l\u2019edat d\u2019aquests \u00faltims.<\/p>\n\n\n<p class=\"wp-block-paragraph\">La Companyia els informa que existeixen programes inform\u00e0tics que permeten filtrar i bloquejar l\u2019acc\u00e9s a determinats continguts i serveis, de manera que els pares o tutors, per exemple, poden decidir a quins continguts i serveis d\u2019Internet poden tenir acc\u00e9s els menors i a quins no.<\/p>\n\n\n<p class=\"wp-block-paragraph\"><strong>RESPONSABILITATS<\/strong><\/p>\n\n\n<p class=\"wp-block-paragraph\">La Companyia no ser\u00e0 responsable directament ni subsidi\u00e0riament de:<\/p>\n\n\n<p class=\"wp-block-paragraph\">La qualitat del servei, la velocitat d\u2019acc\u00e9s, el correcte funcionament ni la disponibilitat o continu\u00eftat de funcionament de la p\u00e0gina.<\/p>\n\n\n<p class=\"wp-block-paragraph\">Els danys que puguin causar-se en els equips de l\u2019usuari per la utilitzaci\u00f3 de la p\u00e0gina.<\/p>\n\n\n<p class=\"wp-block-paragraph\">Els casos en qu\u00e8 un tercer, vulnerant les mesures de seguretat establertes, accedeixi als missatges o els utilitzi per a l\u2019enviament de virus inform\u00e0tics.<\/p>\n\n\n<p class=\"wp-block-paragraph\">Els vicis i defectes de tota classe dels continguts transmesos, difosos, emmagatzemats o posats a disposici\u00f3.<\/p>\n\n\n<p class=\"wp-block-paragraph\">La licitud, fiabilitat i utilitat dels continguts que els usuaris transmetin mitjan\u00e7ant la utilitzaci\u00f3 de la p\u00e0gina o dels serveis que s\u2019hi ofereixen, aix\u00ed com tampoc la seva veracitat o exactitud. La Companyia no controla la utilitzaci\u00f3 que els usuaris fan de la p\u00e0gina ni garanteix que ho facin d\u2019acord amb el que estableix aquest Av\u00eds legal.<\/p>\n\n\n<p class=\"wp-block-paragraph\"><strong>A t\u00edtol enunciatiu i amb car\u00e0cter no limitatiu, l\u2019usuari ser\u00e0 responsable de:<\/strong><\/p>\n\n\n<p class=\"wp-block-paragraph\">Dels continguts introdu\u00efts per ells, especialment de les dades i informacions introdu\u00efdes i enviades a la Companyia per mitj\u00e0 de la p\u00e0gina o a la p\u00e0gina.<\/p>\n\n\n<p class=\"wp-block-paragraph\">La realitzaci\u00f3 de qualsevol tipus d\u2019actuaci\u00f3 il\u00b7l\u00edcita, lesiva de drets, nociva i\/o perjudicial.<\/p>\n\n\n<p class=\"wp-block-paragraph\">La cust\u00f2dia del seu nom d\u2019usuari i contrasenya, que no haur\u00e0 de comunicar a terceres persones, amb la finalitat d\u2019evitar suplantacions d\u2019identitat o la facilitaci\u00f3 de dades no veraces o incorrectes.<\/p>\n\n\n<p class=\"wp-block-paragraph\"><strong>FUR<\/strong><\/p>\n\n\n<p class=\"wp-block-paragraph\">Aquest Av\u00eds legal est\u00e0 redactat en castell\u00e0 i est\u00e0 sotm\u00e8s a la legislaci\u00f3 espanyola vigent. Per a qualsevol tipus de controv\u00e8rsia derivada de la utilitzaci\u00f3 dels serveis oferts o dels continguts propis de la p\u00e0gina, les parts, amb l\u2019acceptaci\u00f3 de les cl\u00e0usules establertes en aquest Av\u00eds legal, se sotmetran als Tribunals i Jutjats competents de Barcelona.<\/p>\n\n\n<p class=\"wp-block-paragraph\"><strong>POL\u00cdTICA DE PRIVACITAT I PROTECCI\u00d3 DE DADES<\/strong><\/p>\n\n\n<p class=\"wp-block-paragraph\"><strong>C\u00d2KRIA<\/strong> (la Companyia) posa en coneixement dels usuaris de la p\u00e0gina www.cokria.com (la p\u00e0gina) la legislaci\u00f3 vigent en mat\u00e8ria de protecci\u00f3 de dades de car\u00e0cter personal, privacitat dels usuaris i secret i seguretat de les dades personals.<\/p>\n\n\n<p class=\"wp-block-paragraph\">Per a aix\u00f2, s\u2019adopten les mesures de car\u00e0cter t\u00e8cnic i organitzatiu necess\u00e0ries per garantir la seguretat de les dades de car\u00e0cter personal contingudes en aquests i per evitar-ne l\u2019alteraci\u00f3, p\u00e8rdua, tractament o acc\u00e9s no autoritzat, tenint en compte l\u2019estat de la tecnologia, la naturalesa de les dades i els riscos als quals estan exposades.<\/p>\n\n\n<p class=\"wp-block-paragraph\">Les dades personals facilitades seran incloses en els fitxers, manuals o automatitzats, registrats a l\u2019Ag\u00e8ncia Espanyola de Protecci\u00f3 de Dades, sota titularitat de la Companyia, que les utilitzar\u00e0 per a la correcta gesti\u00f3 de la relaci\u00f3 contractual.<\/p>\n\n\n<p class=\"wp-block-paragraph\">Us informem que podeu exercir els vostres drets d\u2019acc\u00e9s, rectificaci\u00f3 i cancel\u00b7laci\u00f3 mitjan\u00e7ant una comunicaci\u00f3 escrita adre\u00e7ada al correu electr\u00f2nic hola@cokria.com<\/p>\n\n\n<p class=\"wp-block-paragraph\"><strong>EXISTEIX UN ENLLA\u00c7 ESPEC\u00cdFIC SOBRE LA POL\u00cdTICA DE PRIVACITAT AL NOSTRE WEB: POL\u00cdTICA DE PRIVACITAT.<\/strong><\/p>\n\n\n<p class=\"wp-block-paragraph\">L\u2019usuari ser\u00e0 l\u2019\u00fanic responsable de la veracitat de les dades facilitades a la Companyia.<\/p>\n\n\n<p class=\"wp-block-paragraph\">La navegaci\u00f3 per la p\u00e0gina deixa com a rastre l\u2019adre\u00e7a IP assignada pel seu prove\u00efdor d\u2019acc\u00e9s. Aquestes dades \u00fanicament seran utilitzades amb la finalitat d\u2019elaborar dades estad\u00edstiques de la p\u00e0gina.<\/p>\n\n\n<p class=\"wp-block-paragraph\">La Companyia administra el seu entorn de servidors de manera adequada i disposa d\u2019una infraestructura de tallafoc de compliment estricte. Utilitza cont\u00ednuament tecnologies actuals per assegurar-se que la confidencialitat i la privacitat de la informaci\u00f3 no es vegin compromeses.<\/p>\n\n\n<p class=\"wp-block-paragraph\"><strong>Inclusi\u00f3 de connectors de xarxes socials (Facebook)<\/strong><\/p>\n\n\n<p class=\"wp-block-paragraph\">El nostre lloc web utilitza connectors de xarxes socials (\u00abplug-ins\u00bb) de la xarxa social facebook.com gestionada per Facebook Inc., amb seu a 1601 S. California Ave, Palo Alto, CA 94304, EUA. Els connectors es poden recon\u00e8ixer perqu\u00e8 tenen el logotip de Facebook o pel text \u00abPlug-in de la xarxa social Facebook\u00bb.<\/p>\n\n\n<p class=\"wp-block-paragraph\">Quan l\u2019usuari visita una p\u00e0gina web del nostre lloc que cont\u00e9 aquest bot\u00f3, el seu navegador estableix una connexi\u00f3 directa amb els servidors de Facebook. El contingut del connector es transmet directament des de Facebook al navegador de l\u2019usuari i, des del navegador, s\u2019incorpora a la p\u00e0gina web. Per tant, no tenim cap control sobre el tr\u00e0nsit de dades que Facebook recopila amb l\u2019ajuda d\u2019aquest connector i, segons ens consta, informem els usuaris de la plataforma de twago que:<\/p>\n\n\n<p class=\"wp-block-paragraph\">Amb la integraci\u00f3 del connector, Facebook t\u00e9 coneixement que l\u2019usuari ha visitat una p\u00e0gina del nostre lloc web. Si l\u2019usuari est\u00e0 autenticat com a membre de Facebook, Facebook pot associar la seva visita al seu compte de Facebook. Si interactua amb els connectors, per exemple, fent clic al bot\u00f3 \u00abm\u2019agrada\u00bb o si publica un comentari, la informaci\u00f3 corresponent del navegador de l\u2019usuari ser\u00e0 transmesa directament a Facebook i s\u2019hi emmagatzemar\u00e0. Si l\u2019usuari no \u00e9s membre de Facebook, tamb\u00e9 existeix la possibilitat que Facebook detecti la seva adre\u00e7a IP i l\u2019emmagatzemi.<\/p>\n\n\n<p class=\"wp-block-paragraph\">Per obtenir m\u00e9s informaci\u00f3 sobre la finalitat i l\u2019abast de la recopilaci\u00f3 de dades i el posterior processament i \u00fas que Facebook en fa, aix\u00ed com sobre els drets de l\u2019usuari en aquest \u00e0mbit i les diferents configuracions per a la protecci\u00f3 de la privacitat dels usuaris, visiteu la p\u00e0gina de Facebook sobre la seva pol\u00edtica de privacitat http:\/\/www.facebook.com\/policy.php.<\/p>\n\n\n<p class=\"wp-block-paragraph\">Si l\u2019usuari \u00e9s membre de Facebook i no vol que Facebook recopili dades sobre ell a trav\u00e9s del nostre lloc web vinculant-les amb les dades que, com a membre de Facebook, aquesta empresa ja t\u00e9 emmagatzemades, haur\u00e0 de tancar la sessi\u00f3 del seu compte de Facebook abans de visitar la nostra p\u00e0gina.<\/p>\n\n\n<p class=\"wp-block-paragraph\"><strong>FUR<\/strong><\/p>\n\n\n<p class=\"wp-block-paragraph\">Aquest Av\u00eds legal est\u00e0 redactat en castell\u00e0 i est\u00e0 sotm\u00e8s a la legislaci\u00f3 espanyola vigent. Per a qualsevol tipus de controv\u00e8rsia derivada de la utilitzaci\u00f3 dels serveis oferts o dels continguts propis de la p\u00e0gina, les parts, amb l\u2019acceptaci\u00f3 de les cl\u00e0usules establertes en aquest Av\u00eds legal, se sotmetran als Tribunals i Jutjats competents de Cerdanyola del Vall\u00e8s.<\/p>\n","protected":false},"excerpt":{"rendered":"<p>Av\u00eds legal En compliment del que estableix l\u2019art. 10 de la Llei 34\/2002, d\u201911 de juliol, de Serveis de la Societat de la Informaci\u00f3 i Comer\u00e7 Electr\u00f2nic (LSSI-CE), s\u2019informa que aquest lloc web \u00e9s titularitat d\u2019EUG\u00c8NIA PRUNS. Ra\u00f3 social: EUG\u00c8NIA PRUNS RUIZAdre\u00e7a: Carrer Ample 22, 5-2, esc.B 08290 Cerdanyola del Vall\u00e8s, BarcelonaCIF: 46807872CTel\u00e8fon: 626499746E-mail de [&hellip;]<\/p>\n","protected":false},"author":1,"featured_media":0,"parent":0,"menu_order":0,"comment_status":"closed","ping_status":"closed","template":"","meta":{"_acf_changed":false,"footnotes":""},"class_list":["post-1613","page","type-page","status-publish","hentry"],"acf":[],"_links":{"self":[{"href":"https:\/\/www.cokria.com\/ca\/wp-json\/wp\/v2\/pages\/1613","targetHints":{"allow":["GET"]}}],"collection":[{"href":"https:\/\/www.cokria.com\/ca\/wp-json\/wp\/v2\/pages"}],"about":[{"href":"https:\/\/www.cokria.com\/ca\/wp-json\/wp\/v2\/types\/page"}],"author":[{"embeddable":true,"href":"https:\/\/www.cokria.com\/ca\/wp-json\/wp\/v2\/users\/1"}],"replies":[{"embeddable":true,"href":"https:\/\/www.cokria.com\/ca\/wp-json\/wp\/v2\/comments?post=1613"}],"version-history":[{"count":4,"href":"https:\/\/www.cokria.com\/ca\/wp-json\/wp\/v2\/pages\/1613\/revisions"}],"predecessor-version":[{"id":1618,"href":"https:\/\/www.cokria.com\/ca\/wp-json\/wp\/v2\/pages\/1613\/revisions\/1618"}],"wp:attachment":[{"href":"https:\/\/www.cokria.com\/ca\/wp-json\/wp\/v2\/media?parent=1613"}],"curies":[{"name":"wp","href":"https:\/\/api.w.org\/{rel}","templated":true}]}}